{"id":111,"date":"2020-02-10T12:56:00","date_gmt":"2020-02-10T11:56:00","guid":{"rendered":"https:\/\/wpjelly.com\/shell\/?page_id=111"},"modified":"2025-04-18T20:29:38","modified_gmt":"2025-04-18T18:29:38","slug":"pastoralne-aktivnosti","status":"publish","type":"page","link":"https:\/\/zupasvnikolakc.hr\/?page_id=111","title":{"rendered":"Pastoralne aktivnosti"},"content":{"rendered":"\t\t<div data-elementor-type=\"wp-post\" data-elementor-id=\"111\" class=\"elementor elementor-111\" data-elementor-post-type=\"page\">\n\t\t\t\t\t\t<section class=\"elementor-section elementor-top-section elementor-element elementor-element-cbe30e3 elementor-section-boxed elementor-section-height-default elementor-section-height-default\" data-id=\"cbe30e3\" data-element_type=\"section\" data-e-type=\"section\" data-settings=\"{&quot;background_background&quot;:&quot;gradient&quot;}\">\n\t\t\t\t\t\t<div class=\"elementor-container elementor-column-gap-default\">\n\t\t\t\t\t<div class=\"elementor-column elementor-col-100 elementor-top-column elementor-element elementor-element-510f92b\" data-id=\"510f92b\" data-element_type=\"column\" data-e-type=\"column\">\n\t\t\t<div class=\"elementor-widget-wrap elementor-element-populated\">\n\t\t\t\t\t\t<div class=\"elementor-element elementor-element-0466013 elementor-widget elementor-widget-heading\" data-id=\"0466013\" data-element_type=\"widget\" data-e-type=\"widget\" data-widget_type=\"heading.default\">\n\t\t\t\t<div class=\"elementor-widget-container\">\n\t\t\t\t\t<h1 class=\"elementor-heading-title elementor-size-xl\">Pastoralne aktivnosti<\/h1>\t\t\t\t<\/div>\n\t\t\t\t<\/div>\n\t\t\t\t\t<\/div>\n\t\t<\/div>\n\t\t\t\t\t<\/div>\n\t\t<\/section>\n\t\t\t\t<section class=\"elementor-section elementor-top-section elementor-element elementor-element-540b6b72 elementor-section-boxed elementor-section-height-default elementor-section-height-default\" data-id=\"540b6b72\" data-element_type=\"section\" data-e-type=\"section\" id=\"ministranti\" data-settings=\"{&quot;background_background&quot;:&quot;classic&quot;}\">\n\t\t\t\t\t\t<div class=\"elementor-container elementor-column-gap-default\">\n\t\t\t\t\t<div class=\"elementor-column elementor-col-50 elementor-top-column elementor-element elementor-element-25f0ea97\" data-id=\"25f0ea97\" data-element_type=\"column\" data-e-type=\"column\">\n\t\t\t<div class=\"elementor-widget-wrap elementor-element-populated\">\n\t\t\t\t\t\t<div class=\"elementor-element elementor-element-7fac8da8 elementor-widget elementor-widget-image\" data-id=\"7fac8da8\" data-element_type=\"widget\" data-e-type=\"widget\" data-widget_type=\"image.default\">\n\t\t\t\t<div class=\"elementor-widget-container\">\n\t\t\t\t\t\t\t\t\t\t\t\t\t\t\t<img fetchpriority=\"high\" decoding=\"async\" width=\"758\" height=\"702\" src=\"https:\/\/zupasvnikolakc.hr\/wp-content\/uploads\/2025\/04\/Ministranti.jpg\" class=\"attachment-large size-large wp-image-10803\" alt=\"\" srcset=\"https:\/\/zupasvnikolakc.hr\/wp-content\/uploads\/2025\/04\/Ministranti.jpg 758w, https:\/\/zupasvnikolakc.hr\/wp-content\/uploads\/2025\/04\/Ministranti-300x278.jpg 300w\" sizes=\"(max-width: 758px) 100vw, 758px\" \/>\t\t\t\t\t\t\t\t\t\t\t\t\t\t\t<\/div>\n\t\t\t\t<\/div>\n\t\t\t\t\t<\/div>\n\t\t<\/div>\n\t\t\t\t<div class=\"elementor-column elementor-col-50 elementor-top-column elementor-element elementor-element-2ae0b193\" data-id=\"2ae0b193\" data-element_type=\"column\" data-e-type=\"column\" data-settings=\"{&quot;background_background&quot;:&quot;classic&quot;}\">\n\t\t\t<div class=\"elementor-widget-wrap elementor-element-populated\">\n\t\t\t\t\t\t<div class=\"elementor-element elementor-element-17da9150 elementor-widget elementor-widget-heading\" data-id=\"17da9150\" data-element_type=\"widget\" data-e-type=\"widget\" data-widget_type=\"heading.default\">\n\t\t\t\t<div class=\"elementor-widget-container\">\n\t\t\t\t\t<h2 class=\"elementor-heading-title elementor-size-default\">Ministranti<\/h2>\t\t\t\t<\/div>\n\t\t\t\t<\/div>\n\t\t\t\t<div class=\"elementor-element elementor-element-7aa4b6ee elementor-widget-divider--view-line elementor-widget elementor-widget-divider\" data-id=\"7aa4b6ee\" data-element_type=\"widget\" data-e-type=\"widget\" data-widget_type=\"divider.default\">\n\t\t\t\t<div class=\"elementor-widget-container\">\n\t\t\t\t\t\t\t<div class=\"elementor-divider\">\n\t\t\t<span class=\"elementor-divider-separator\">\n\t\t\t\t\t\t<\/span>\n\t\t<\/div>\n\t\t\t\t\t\t<\/div>\n\t\t\t\t<\/div>\n\t\t\t\t<div class=\"elementor-element elementor-element-dec21a9 elementor-widget elementor-widget-text-editor\" data-id=\"dec21a9\" data-element_type=\"widget\" data-e-type=\"widget\" data-widget_type=\"text-editor.default\">\n\t\t\t\t<div class=\"elementor-widget-container\">\n\t\t\t\t\t\t\t\t\t<p>U \u017eupi sv. Nikole biskupa aktivno je tridesetak ministranata, osnovno\u0161kolaca, srednjo\u0161kolaca i studenata. Ministriraju i dje\u010daci i djevoj\u010dice.<\/p><p>Ministranti su poslu\u017eitelji oltara, sudionici bogoslu\u017eja. Na ministrantskim susretima u\u010de kako obavljati odre\u0111ene slu\u017ebe tijekom euharistijskog slavlja i upoznaju se s liturgijskim prostorom, ruhom i predmetima te u\u010de o liturgijskoj godini.<\/p><p>Sva djeca koja \u017eele postati ministranti, mogu se prijaviti kod \u017eupnika ili kod voditelja ministranata.<\/p><p>Susreti ministranata odr\u017eavaju se subotom u 10h u \u017eupnoj dvorani.<\/p><p>Voditelj: Ivan Golubi\u0107, vjerou\u010ditelj<\/p>\t\t\t\t\t\t\t\t<\/div>\n\t\t\t\t<\/div>\n\t\t\t\t\t<\/div>\n\t\t<\/div>\n\t\t\t\t\t<\/div>\n\t\t<\/section>\n\t\t\t\t<section class=\"elementor-section elementor-top-section elementor-element elementor-element-2f90aaaf elementor-reverse-mobile elementor-section-boxed elementor-section-height-default elementor-section-height-default\" data-id=\"2f90aaaf\" data-element_type=\"section\" data-e-type=\"section\" id=\"contribute\" data-settings=\"{&quot;background_background&quot;:&quot;classic&quot;}\">\n\t\t\t\t\t\t<div class=\"elementor-container elementor-column-gap-default\">\n\t\t\t\t\t<div class=\"elementor-column elementor-col-50 elementor-top-column elementor-element elementor-element-5658c00\" data-id=\"5658c00\" data-element_type=\"column\" data-e-type=\"column\" data-settings=\"{&quot;background_background&quot;:&quot;classic&quot;}\">\n\t\t\t<div class=\"elementor-widget-wrap elementor-element-populated\">\n\t\t\t\t\t\t<div class=\"elementor-element elementor-element-647ba40c elementor-widget elementor-widget-heading\" data-id=\"647ba40c\" data-element_type=\"widget\" data-e-type=\"widget\" data-widget_type=\"heading.default\">\n\t\t\t\t<div class=\"elementor-widget-container\">\n\t\t\t\t\t<h2 class=\"elementor-heading-title elementor-size-default\">Zajednica mladih<\/h2>\t\t\t\t<\/div>\n\t\t\t\t<\/div>\n\t\t\t\t<div class=\"elementor-element elementor-element-6f5f7db3 elementor-widget-divider--view-line elementor-widget elementor-widget-divider\" data-id=\"6f5f7db3\" data-element_type=\"widget\" data-e-type=\"widget\" data-widget_type=\"divider.default\">\n\t\t\t\t<div class=\"elementor-widget-container\">\n\t\t\t\t\t\t\t<div class=\"elementor-divider\">\n\t\t\t<span class=\"elementor-divider-separator\">\n\t\t\t\t\t\t<\/span>\n\t\t<\/div>\n\t\t\t\t\t\t<\/div>\n\t\t\t\t<\/div>\n\t\t\t\t<div class=\"elementor-element elementor-element-1c157e2f elementor-widget elementor-widget-text-editor\" data-id=\"1c157e2f\" data-element_type=\"widget\" data-e-type=\"widget\" data-widget_type=\"text-editor.default\">\n\t\t\t\t<div class=\"elementor-widget-container\">\n\t\t\t\t\t\t\t\t\t<p>U \u017eupi sv. Nikole aktivna je zajednica mladih. Susre\u0107emo se jednom mjese\u010dno sa svojim voditeljicama \u00a0magistrom teologije Anjom Sever i\u00a0 animatoricom Leom Milo\u0161, \u00a0kako bismo u opu\u0161tenoj atmosferi raspravljali o raznovrsnim temama, me\u0111u kojima su iskustva dana\u0161njih mladih kr\u0161\u0107anina me\u0111u vr\u0161njacima, pogledi na vjeru, pribli\u017eavanje Bogu kroz svakodnevne i \u010desto zanemarene sitnice te mnoge druge. Osmi\u0161ljavamo plakate kojima pribli\u017eavamo pojedine dijelove liturgijske godine svojim su\u017eupljanima. Tradicionalno pripremamo bo\u017ei\u0107ni igrokaz i ostale prigodne programe. Uz sve to, pripremamo se za susrete hrvatske katoli\u010dke mlade\u017ei.<\/p><p>Susreti mladih odr\u017eavaju se nedjeljom nakon ve\u010dernje svete mise.<\/p><p>Pozivamo sve koji nam se \u017eele pridru\u017eiti da tako i u\u010dine!<\/p>\t\t\t\t\t\t\t\t<\/div>\n\t\t\t\t<\/div>\n\t\t\t\t\t<\/div>\n\t\t<\/div>\n\t\t\t\t<div class=\"elementor-column elementor-col-50 elementor-top-column elementor-element elementor-element-788fbe3d\" data-id=\"788fbe3d\" data-element_type=\"column\" data-e-type=\"column\">\n\t\t\t<div class=\"elementor-widget-wrap elementor-element-populated\">\n\t\t\t\t\t\t<div class=\"elementor-element elementor-element-2c5ff82f elementor-widget elementor-widget-image\" data-id=\"2c5ff82f\" data-element_type=\"widget\" data-e-type=\"widget\" data-widget_type=\"image.default\">\n\t\t\t\t<div class=\"elementor-widget-container\">\n\t\t\t\t\t\t\t\t\t\t\t\t\t\t\t<img decoding=\"async\" width=\"1024\" height=\"768\" src=\"https:\/\/zupasvnikolakc.hr\/wp-content\/uploads\/2020\/02\/mladi-1024x768.jpg\" class=\"attachment-large size-large wp-image-643\" alt=\"\" srcset=\"https:\/\/zupasvnikolakc.hr\/wp-content\/uploads\/2020\/02\/mladi-1024x768.jpg 1024w, https:\/\/zupasvnikolakc.hr\/wp-content\/uploads\/2020\/02\/mladi-600x450.jpg 600w, https:\/\/zupasvnikolakc.hr\/wp-content\/uploads\/2020\/02\/mladi-300x225.jpg 300w, https:\/\/zupasvnikolakc.hr\/wp-content\/uploads\/2020\/02\/mladi-768x576.jpg 768w, https:\/\/zupasvnikolakc.hr\/wp-content\/uploads\/2020\/02\/mladi-1536x1152.jpg 1536w, https:\/\/zupasvnikolakc.hr\/wp-content\/uploads\/2020\/02\/mladi.jpg 2000w\" sizes=\"(max-width: 1024px) 100vw, 1024px\" \/>\t\t\t\t\t\t\t\t\t\t\t\t\t\t\t<\/div>\n\t\t\t\t<\/div>\n\t\t\t\t\t<\/div>\n\t\t<\/div>\n\t\t\t\t\t<\/div>\n\t\t<\/section>\n\t\t\t\t<section class=\"elementor-section elementor-top-section elementor-element elementor-element-7f263e6a elementor-section-full_width elementor-section-height-default elementor-section-height-default\" data-id=\"7f263e6a\" data-element_type=\"section\" data-e-type=\"section\" id=\"biblijska\" data-settings=\"{&quot;background_background&quot;:&quot;classic&quot;}\">\n\t\t\t\t\t\t<div class=\"elementor-container elementor-column-gap-default\">\n\t\t\t\t\t<div class=\"elementor-column elementor-col-50 elementor-top-column elementor-element elementor-element-79c3acbb\" data-id=\"79c3acbb\" data-element_type=\"column\" data-e-type=\"column\">\n\t\t\t<div class=\"elementor-widget-wrap elementor-element-populated\">\n\t\t\t\t\t\t<div class=\"elementor-element elementor-element-35c83c4e elementor-widget elementor-widget-image\" data-id=\"35c83c4e\" data-element_type=\"widget\" data-e-type=\"widget\" data-widget_type=\"image.default\">\n\t\t\t\t<div class=\"elementor-widget-container\">\n\t\t\t\t\t\t\t\t\t\t\t\t\t\t\t<img decoding=\"async\" width=\"800\" height=\"531\" src=\"https:\/\/zupasvnikolakc.hr\/wp-content\/uploads\/2020\/02\/biblijska.jpg\" class=\"attachment-large size-large wp-image-510\" alt=\"Biblijska skupina\" srcset=\"https:\/\/zupasvnikolakc.hr\/wp-content\/uploads\/2020\/02\/biblijska.jpg 800w, https:\/\/zupasvnikolakc.hr\/wp-content\/uploads\/2020\/02\/biblijska-600x398.jpg 600w, https:\/\/zupasvnikolakc.hr\/wp-content\/uploads\/2020\/02\/biblijska-300x199.jpg 300w, https:\/\/zupasvnikolakc.hr\/wp-content\/uploads\/2020\/02\/biblijska-768x510.jpg 768w\" sizes=\"(max-width: 800px) 100vw, 800px\" \/>\t\t\t\t\t\t\t\t\t\t\t\t\t\t\t<\/div>\n\t\t\t\t<\/div>\n\t\t\t\t\t<\/div>\n\t\t<\/div>\n\t\t\t\t<div class=\"elementor-column elementor-col-50 elementor-top-column elementor-element elementor-element-1bd8213d\" data-id=\"1bd8213d\" data-element_type=\"column\" data-e-type=\"column\" data-settings=\"{&quot;background_background&quot;:&quot;classic&quot;}\">\n\t\t\t<div class=\"elementor-widget-wrap elementor-element-populated\">\n\t\t\t\t\t\t<div class=\"elementor-element elementor-element-cc6a27f elementor-widget elementor-widget-heading\" data-id=\"cc6a27f\" data-element_type=\"widget\" data-e-type=\"widget\" data-widget_type=\"heading.default\">\n\t\t\t\t<div class=\"elementor-widget-container\">\n\t\t\t\t\t<h2 class=\"elementor-heading-title elementor-size-default\">BIBLIJSKA SKUPINA<\/h2>\t\t\t\t<\/div>\n\t\t\t\t<\/div>\n\t\t\t\t<div class=\"elementor-element elementor-element-3c594b87 elementor-widget-divider--view-line elementor-widget elementor-widget-divider\" data-id=\"3c594b87\" data-element_type=\"widget\" data-e-type=\"widget\" data-widget_type=\"divider.default\">\n\t\t\t\t<div class=\"elementor-widget-container\">\n\t\t\t\t\t\t\t<div class=\"elementor-divider\">\n\t\t\t<span class=\"elementor-divider-separator\">\n\t\t\t\t\t\t<\/span>\n\t\t<\/div>\n\t\t\t\t\t\t<\/div>\n\t\t\t\t<\/div>\n\t\t\t\t<div class=\"elementor-element elementor-element-cefa63d elementor-widget elementor-widget-text-editor\" data-id=\"cefa63d\" data-element_type=\"widget\" data-e-type=\"widget\" data-widget_type=\"text-editor.default\">\n\t\t\t\t<div class=\"elementor-widget-container\">\n\t\t\t\t\t\t\t\t\t<p>Ta gledajte, bra\u0107o, sebe, pozvane: nema mnogo mudrih po tijelu, nema mnogo sna\u017enih, nema mnogo plemenitih. Nego lude svijeta izabra Bog da posrami mudre, i slabe svijeta izabra Bog da posrami jake;\u00a0 i neplemenite svijeta i prezrene izabra Bog, i ono \u0161to nije, da uni\u0161ti ono \u0161to jest,\u00a0 da se nijedan smrtnik ne bi hvalio pred Bogom.<\/p><p>Kor 1, 26-30<\/p>\t\t\t\t\t\t\t\t<\/div>\n\t\t\t\t<\/div>\n\t\t\t\t<div class=\"elementor-element elementor-element-494fcd3 elementor-widget elementor-widget-text-editor\" data-id=\"494fcd3\" data-element_type=\"widget\" data-e-type=\"widget\" data-widget_type=\"text-editor.default\">\n\t\t\t\t<div class=\"elementor-widget-container\">\n\t\t\t\t\t\t\t\t\t<p>Od velja\u010de 2012. godine, Bo\u017ejom milo\u0161\u0107u i providno\u0161\u0107u te ljudskim trudom, u na\u0161oj \u017eupi se odr\u017eavaju subotnji susreti sa Bo\u017ejom rije\u010di. Uz voditelja, \u0111akona Miljenka Flajsa i zamjenice Zdenke Podhra\u0161ki Relja, skupina se sastoji od 10 do 15 \u010dlanova.<\/p><p>Bo\u017eja rije\u010d je sredi\u0161te na\u0161eg okupljanja. Kako je Bo\u017eja rije\u010d prevelika za jednog \u010dovjeka, bez obzira kako on bio svet ili mudar, mi je zajedni\u010dki istra\u017eujemo!<br \/>Svatko od nas, kod \u010ditanja odre\u0111enog teksta iz Biblije, treba se zapitati \u0161to je taj tekst zna\u010dio ljudima koji su \u017eivjeli davno, a \u0161to Gospodin, kroz taj isti tekst, govori danas nama, meni. To je prigoda i za osobni susret izme\u0111u nas i Boga, na\u010din da svoj \u017eivot \u017eivimo kao produ\u017eenje Rije\u010di koju slu\u0161amo, koju smo u sebi pohranili, nad kojom smo molili, spominju\u0107i se trajno Bo\u017eje prisutnosti u dnevnim aktivnostima.<br \/>U tom istra\u017eivanju\u00a0 ne postoje stru\u010dnjaci i laici, svi smo po\u010detnici, u\u010denici!<br \/>Iz iskustva znamo da vjeru nije lako dijeliti s drugima, no isto tako znamo da smo potrebni jedni drugima da bi rasli u vlastitoj vjeri.<br \/>Sve to izgra\u0111uje Crkvu, nas tj. tijelo Kristovo.<\/p>\t\t\t\t\t\t\t\t<\/div>\n\t\t\t\t<\/div>\n\t\t\t\t<div class=\"elementor-element elementor-element-87fe44a elementor-widget elementor-widget-text-editor\" data-id=\"87fe44a\" data-element_type=\"widget\" data-e-type=\"widget\" data-widget_type=\"text-editor.default\">\n\t\t\t\t<div class=\"elementor-widget-container\">\n\t\t\t\t\t\t\t\t\t<p><em>Evan\u0111elje je knjiga Gospodinova \u017eivota i napisana je da bude knjiga na\u0161eg \u017eivota. Rije\u010di ljudskih knjiga se shva\u0107aju. Rije\u010di Evan\u0111elja su pretrpljene: ne upijamo mi njih, ve\u0107 one upijaju nas i preobra\u017eavaju.\u00a0<\/em><br \/><em>Madeleine Delbrel<\/em><\/p>\t\t\t\t\t\t\t\t<\/div>\n\t\t\t\t<\/div>\n\t\t\t\t\t<\/div>\n\t\t<\/div>\n\t\t\t\t\t<\/div>\n\t\t<\/section>\n\t\t\t\t<section class=\"elementor-section elementor-top-section elementor-element elementor-element-30ed4de9 elementor-reverse-mobile elementor-section-full_width elementor-section-height-default elementor-section-height-default\" data-id=\"30ed4de9\" data-element_type=\"section\" data-e-type=\"section\" id=\"contribute\" data-settings=\"{&quot;background_background&quot;:&quot;classic&quot;}\">\n\t\t\t\t\t\t<div class=\"elementor-container elementor-column-gap-default\">\n\t\t\t\t\t<div class=\"elementor-column elementor-col-50 elementor-top-column elementor-element elementor-element-6d85e050\" data-id=\"6d85e050\" data-element_type=\"column\" data-e-type=\"column\" data-settings=\"{&quot;background_background&quot;:&quot;classic&quot;}\">\n\t\t\t<div class=\"elementor-widget-wrap elementor-element-populated\">\n\t\t\t\t\t\t<div class=\"elementor-element elementor-element-7bd8ead5 elementor-widget elementor-widget-heading\" data-id=\"7bd8ead5\" data-element_type=\"widget\" data-e-type=\"widget\" data-widget_type=\"heading.default\">\n\t\t\t\t<div class=\"elementor-widget-container\">\n\t\t\t\t\t<h2 class=\"elementor-heading-title elementor-size-default\">molitvena zajednica<\/h2>\t\t\t\t<\/div>\n\t\t\t\t<\/div>\n\t\t\t\t<div class=\"elementor-element elementor-element-4551b7f4 elementor-widget-divider--view-line elementor-widget elementor-widget-divider\" data-id=\"4551b7f4\" data-element_type=\"widget\" data-e-type=\"widget\" data-widget_type=\"divider.default\">\n\t\t\t\t<div class=\"elementor-widget-container\">\n\t\t\t\t\t\t\t<div class=\"elementor-divider\">\n\t\t\t<span class=\"elementor-divider-separator\">\n\t\t\t\t\t\t<\/span>\n\t\t<\/div>\n\t\t\t\t\t\t<\/div>\n\t\t\t\t<\/div>\n\t\t\t\t<div class=\"elementor-element elementor-element-51ad3e26 elementor-widget elementor-widget-text-editor\" data-id=\"51ad3e26\" data-element_type=\"widget\" data-e-type=\"widget\" data-widget_type=\"text-editor.default\">\n\t\t\t\t<div class=\"elementor-widget-container\">\n\t\t\t\t\t\t\t\t\t<p>Zajednica je nastala davne 1995. godine, za vrijeme \u017eupnika Silvija Brezova\u010dkog. Od prvih dana sastajemo se utorkom nave\u010der. Susret po\u010dinje sa svetom krunicom i misom. Poslije mise nastavljamo susret u vjeronau\u010dnoj dvorani sa pjesmom, slavljenjem, poukom i molitvom. Zajednica broji tridesetak stalnih \u010dlanova te dosta drugih koji dolaze da bi upoznali svoju vjeru na jedan druga\u010diji, prisniji na\u010din, te nau\u010dili do\u0107i u iskreno zajedni\u0161vo sa Bogom i Crkvom kroz molitvu, sakramente i prou\u010davanje Bo\u017eje rije\u010di.<\/p>\t\t\t\t\t\t\t\t<\/div>\n\t\t\t\t<\/div>\n\t\t\t\t<div class=\"elementor-element elementor-element-4994a3a elementor-widget elementor-widget-text-editor\" data-id=\"4994a3a\" data-element_type=\"widget\" data-e-type=\"widget\" data-widget_type=\"text-editor.default\">\n\t\t\t\t<div class=\"elementor-widget-container\">\n\t\t\t\t\t\t\t\t\t<p>Tako\u0111er molimo za bolesne na du\u0161i i tijelu. Zajednica je uvela, uz blagoslov \u017eupnika Bla\u017ea Horvata, klanjanje na prve petke koje i animiramo pjesmom i meditacijama.<\/p><p>Na\u0161i \u010dlanovi su aktivni u svim aktivnostima \u017eupe iz kojih dolaze. Smatramo da je\u00a0 najve\u0107i blagoslov na\u0161eg zajedni\u0161tva kad ljudi koji su daleko odlutali od Boga i Crkve se vrate svim svojim srcem i prona\u0111u svoj drugi dom. Otvoreni smo za sve one koji \u017eele do\u0107i i mo\u017eda na novi na\u010din si pribli\u017eiti svoj odnos sa Bogom i Crkvom. Velika nam je podr\u0161ka na\u0161 \u017eupnik Tomislav i \u0111akon Miljenko koji su spremni uvijek pomo\u0107i kad sami ne mo\u017eemo.\u00a0 Zajednica je karizmatskog tipa tj. otvoreni smo novoj evangelizaciji o kojoj govori sv. Otac papa Benedikt u miru i njegov prethodnik bla\u017eeni Ivan Pavao II. Svojim odricanjem i dobrovoljnim prilozima poma\u017eemo misije i skrbimo za svoju kum\u010dad u Africi.<\/p><p>Svi ste dobrodo\u0161li<\/p>\t\t\t\t\t\t\t\t<\/div>\n\t\t\t\t<\/div>\n\t\t\t\t\t<\/div>\n\t\t<\/div>\n\t\t\t\t<div class=\"elementor-column elementor-col-50 elementor-top-column elementor-element elementor-element-45830bb6\" data-id=\"45830bb6\" data-element_type=\"column\" data-e-type=\"column\">\n\t\t\t<div class=\"elementor-widget-wrap elementor-element-populated\">\n\t\t\t\t\t\t<div class=\"elementor-element elementor-element-faa469c elementor-widget elementor-widget-image\" data-id=\"faa469c\" data-element_type=\"widget\" data-e-type=\"widget\" data-widget_type=\"image.default\">\n\t\t\t\t<div class=\"elementor-widget-container\">\n\t\t\t\t\t\t\t\t\t\t\t\t\t\t\t<img loading=\"lazy\" decoding=\"async\" width=\"484\" height=\"1024\" src=\"https:\/\/zupasvnikolakc.hr\/wp-content\/uploads\/2020\/02\/molitvena.jpeg\" class=\"attachment-large size-large wp-image-641\" alt=\"Molitvena\" srcset=\"https:\/\/zupasvnikolakc.hr\/wp-content\/uploads\/2020\/02\/molitvena.jpeg 484w, https:\/\/zupasvnikolakc.hr\/wp-content\/uploads\/2020\/02\/molitvena-142x300.jpeg 142w\" sizes=\"(max-width: 484px) 100vw, 484px\" \/>\t\t\t\t\t\t\t\t\t\t\t\t\t\t\t<\/div>\n\t\t\t\t<\/div>\n\t\t\t\t\t<\/div>\n\t\t<\/div>\n\t\t\t\t\t<\/div>\n\t\t<\/section>\n\t\t\t\t<section class=\"elementor-section elementor-top-section elementor-element elementor-element-6c0faa35 elementor-section-full_width elementor-section-height-default elementor-section-height-default\" data-id=\"6c0faa35\" data-element_type=\"section\" data-e-type=\"section\" id=\"zborovi\" data-settings=\"{&quot;background_background&quot;:&quot;classic&quot;}\">\n\t\t\t\t\t\t<div class=\"elementor-container elementor-column-gap-default\">\n\t\t\t\t\t<div class=\"elementor-column elementor-col-50 elementor-top-column elementor-element elementor-element-50c24372\" data-id=\"50c24372\" data-element_type=\"column\" data-e-type=\"column\">\n\t\t\t<div class=\"elementor-widget-wrap elementor-element-populated\">\n\t\t\t\t\t\t<div class=\"elementor-element elementor-element-67c15c29 elementor-widget elementor-widget-image\" data-id=\"67c15c29\" data-element_type=\"widget\" data-e-type=\"widget\" data-widget_type=\"image.default\">\n\t\t\t\t<div class=\"elementor-widget-container\">\n\t\t\t\t\t\t\t\t\t\t\t\t\t\t\t<img loading=\"lazy\" decoding=\"async\" width=\"600\" height=\"450\" src=\"https:\/\/zupasvnikolakc.hr\/wp-content\/uploads\/2020\/02\/veliki_zbor.jpg\" class=\"attachment-large size-large wp-image-629\" alt=\"Veliki zbor\" srcset=\"https:\/\/zupasvnikolakc.hr\/wp-content\/uploads\/2020\/02\/veliki_zbor.jpg 600w, https:\/\/zupasvnikolakc.hr\/wp-content\/uploads\/2020\/02\/veliki_zbor-300x225.jpg 300w\" sizes=\"(max-width: 600px) 100vw, 600px\" \/>\t\t\t\t\t\t\t\t\t\t\t\t\t\t\t<\/div>\n\t\t\t\t<\/div>\n\t\t\t\t\t<\/div>\n\t\t<\/div>\n\t\t\t\t<div class=\"elementor-column elementor-col-50 elementor-top-column elementor-element elementor-element-35db2a9e\" data-id=\"35db2a9e\" data-element_type=\"column\" data-e-type=\"column\" data-settings=\"{&quot;background_background&quot;:&quot;classic&quot;}\">\n\t\t\t<div class=\"elementor-widget-wrap elementor-element-populated\">\n\t\t\t\t\t<div class=\"elementor-background-overlay\"><\/div>\n\t\t\t\t\t\t<div class=\"elementor-element elementor-element-1b3c6ce7 elementor-widget elementor-widget-heading\" data-id=\"1b3c6ce7\" data-element_type=\"widget\" data-e-type=\"widget\" data-widget_type=\"heading.default\">\n\t\t\t\t<div class=\"elementor-widget-container\">\n\t\t\t\t\t<h2 class=\"elementor-heading-title elementor-size-default\">Mje\u0161oviti veliki \u017eupni zbor<\/h2>\t\t\t\t<\/div>\n\t\t\t\t<\/div>\n\t\t\t\t<div class=\"elementor-element elementor-element-6b272b78 elementor-widget-divider--view-line elementor-widget elementor-widget-divider\" data-id=\"6b272b78\" data-element_type=\"widget\" data-e-type=\"widget\" data-widget_type=\"divider.default\">\n\t\t\t\t<div class=\"elementor-widget-container\">\n\t\t\t\t\t\t\t<div class=\"elementor-divider\">\n\t\t\t<span class=\"elementor-divider-separator\">\n\t\t\t\t\t\t<\/span>\n\t\t<\/div>\n\t\t\t\t\t\t<\/div>\n\t\t\t\t<\/div>\n\t\t\t\t<div class=\"elementor-element elementor-element-149d9652 elementor-widget elementor-widget-text-editor\" data-id=\"149d9652\" data-element_type=\"widget\" data-e-type=\"widget\" data-widget_type=\"text-editor.default\">\n\t\t\t\t<div class=\"elementor-widget-container\">\n\t\t\t\t\t\t\t\t\t<p>Mje\u0161oviti zbor \u017eupe Sv. Nikole biskupa \u010dine pjeva\u010di amateri koji se redovito skupljaju na svetoj misi nedjeljom u 9 sati. Zbor tako\u0111er pjeva u prigodama svih blagdana i razli\u010ditih liturgijskih slavlja.<\/p><p>Repertoar zbora obuhva\u0107a pu\u010dko i vi\u0161eglasno liturgijsko pjevanje kao i vrijedna djela umjetni\u010dke glazbene literature. Dio bogatog repertoara zabilje\u017een je na nosa\u010du zvuka \u02ddSlavim te Gospode snimljenom 2000. godine na poticaj \u017eupnika vl\u010d. Jurja \u017dupan\u010di\u0107a.\u00a0 Uz svesrdnu podr\u0161ku biv\u0161eg \u017eupnika pre\u010d. Bla\u017ea Horvata, kao i sada\u0161njeg \u017eupnika vl\u010d. Tomislava Petri\u0107a, za dugu tradiciju kvalitetnog vi\u0161eglasnog pjevanja u \u017eupi zaslu\u017eni su i biv\u0161i \u017eupnici vl\u010d. Nikola Serti\u0107 i vl\u010d. \u0110uro Golubi\u0107 koji su bili skladatelji, te \u010dasne sestre Bosiljka Kasi\u0107 i Evan\u0111elista Raji\u0107\u00a0 koje su bile orgulja\u0161ice.\u00a0<\/p><p>Danas sa zborom rade Natalija Imbri\u0161ak, dirigentica i Snje\u017eana Gregur, orgulja\u0161ica. Natalija Imbri\u0161ak magistra je umjetnosti iz orgulja i profesor teorijskih glazbenih predmeta. Predaje orgulje u Srednjoj glazbenoj \u0161koli u Vara\u017edinu. Uz djelovanje kao dirigentica i orgulja\u0161ica, \u010desto i solisti\u010dki koncertira na orguljama. Ekonomistica Snje\u017eana Gregur orgulja\u0161ica je u \u017eupi ve\u0107 vi\u0161e od 30 godina.<\/p><p>Zbor rado izmjenjuje susrete sa drugim crkvenim zborovima, redovito sudjeluje na smotri zborova u povodu blagdana Sv. Cecilije u Vara\u017edinu i s rado\u0161\u0107u se uklju\u010duje u sva glazbena doga\u0111anja u Biskupiji. 35 \u010dlanova jedna su glazbena obitelj uvijek voljna pomo\u0107i i u ostalim \u017eupnim\u00a0 aktivnostima. Probe zbora odr\u017eavaju se jednom tjedno (u slu\u010daju potrebe i vi\u0161e), srijedom iza ve\u010dernje mise.<\/p><p>Dobrodo\u0161li su svi koji vole liturgijsko pjevanje!<\/p>\t\t\t\t\t\t\t\t<\/div>\n\t\t\t\t<\/div>\n\t\t\t\t\t<\/div>\n\t\t<\/div>\n\t\t\t\t\t<\/div>\n\t\t<\/section>\n\t\t\t\t<section class=\"elementor-section elementor-top-section elementor-element elementor-element-50c4a88b elementor-reverse-mobile elementor-section-full_width elementor-section-height-default elementor-section-height-default\" data-id=\"50c4a88b\" data-element_type=\"section\" data-e-type=\"section\" id=\"contribute\" data-settings=\"{&quot;background_background&quot;:&quot;classic&quot;}\">\n\t\t\t\t\t\t<div class=\"elementor-container elementor-column-gap-default\">\n\t\t\t\t\t<div class=\"elementor-column elementor-col-50 elementor-top-column elementor-element elementor-element-7d447125\" data-id=\"7d447125\" data-element_type=\"column\" data-e-type=\"column\" data-settings=\"{&quot;background_background&quot;:&quot;classic&quot;}\">\n\t\t\t<div class=\"elementor-widget-wrap elementor-element-populated\">\n\t\t\t\t\t\t<div class=\"elementor-element elementor-element-7b2575a3 elementor-widget elementor-widget-heading\" data-id=\"7b2575a3\" data-element_type=\"widget\" data-e-type=\"widget\" data-widget_type=\"heading.default\">\n\t\t\t\t<div class=\"elementor-widget-container\">\n\t\t\t\t\t<h2 class=\"elementor-heading-title elementor-size-default\">ZBOR MLADIH \u201eIME LJUBAVI\u201c <\/h2>\t\t\t\t<\/div>\n\t\t\t\t<\/div>\n\t\t\t\t<div class=\"elementor-element elementor-element-2fb38ab5 elementor-widget-divider--view-line elementor-widget elementor-widget-divider\" data-id=\"2fb38ab5\" data-element_type=\"widget\" data-e-type=\"widget\" data-widget_type=\"divider.default\">\n\t\t\t\t<div class=\"elementor-widget-container\">\n\t\t\t\t\t\t\t<div class=\"elementor-divider\">\n\t\t\t<span class=\"elementor-divider-separator\">\n\t\t\t\t\t\t<\/span>\n\t\t<\/div>\n\t\t\t\t\t\t<\/div>\n\t\t\t\t<\/div>\n\t\t\t\t<div class=\"elementor-element elementor-element-7a16d7e2 elementor-widget elementor-widget-text-editor\" data-id=\"7a16d7e2\" data-element_type=\"widget\" data-e-type=\"widget\" data-widget_type=\"text-editor.default\">\n\t\t\t\t<div class=\"elementor-widget-container\">\n\t\t\t\t\t\t\t\t\t<p>Zbor mladih &#8220;Ime ljubavi&#8221; djeluje od 1996. godine. U njihovu dugogodi\u0161njem djelovanju izdan je jedan CD, a u pripremi je i drugi. Kao rezultat kr\u0161\u0107anskog ozra\u010dja, konstantnog rada i me\u0111usobnog poticanja, zbor je uspio sudjelovati na mnogim festivalima duhovne glazbe; poput Krapinafesta, Stepin\u010devih nota, Dugafesta, Festivala dobrog Pastira, Festivala svete Cecilije i Martinfesta. Odr\u017eali su Uskrsni koncert u svojoj \u017eupi i privukli mnoge slu\u0161atelje. Pjevali su i gostovali u brojnim \u017eupama Vara\u017edinske biskupije i Zagreba\u010dke nadbiskupije. Isto tako, svojim pjevanjem uveli\u010davaju sve\u010danost svetih misa tijekom mnogih trodnevnica u \u017eupi i izvan nje. Na ve\u010dernjim nedjeljnim misama i svim blagdanima liturgijskim pjevanjem privla\u010de mnoge mlade i poti\u010du ih na aktivno sudjelovanje u Crkvi.<br \/>Probe pjevanja imamo svake nedjelje sat vremena prije ve\u010dernje mise. Pozivamo sve mlade koji se \u017eele uklju\u010diti u zbor i koji \u017eele pjesmom, poput nas, slaviti Boga da nam se pridru\u017ee.<\/p>\t\t\t\t\t\t\t\t<\/div>\n\t\t\t\t<\/div>\n\t\t\t\t\t<\/div>\n\t\t<\/div>\n\t\t\t\t<div class=\"elementor-column elementor-col-50 elementor-top-column elementor-element elementor-element-7fef077d\" data-id=\"7fef077d\" data-element_type=\"column\" data-e-type=\"column\">\n\t\t\t<div class=\"elementor-widget-wrap elementor-element-populated\">\n\t\t\t\t\t\t<div class=\"elementor-element elementor-element-735fa2c8 elementor-widget elementor-widget-image\" data-id=\"735fa2c8\" data-element_type=\"widget\" data-e-type=\"widget\" data-widget_type=\"image.default\">\n\t\t\t\t<div class=\"elementor-widget-container\">\n\t\t\t\t\t\t\t\t\t\t\t\t\t\t\t<img loading=\"lazy\" decoding=\"async\" width=\"1000\" height=\"666\" src=\"https:\/\/zupasvnikolakc.hr\/wp-content\/uploads\/2020\/02\/Mladi-01.jpg\" class=\"attachment-large size-large wp-image-852\" alt=\"Zbor mladih\" srcset=\"https:\/\/zupasvnikolakc.hr\/wp-content\/uploads\/2020\/02\/Mladi-01.jpg 1000w, https:\/\/zupasvnikolakc.hr\/wp-content\/uploads\/2020\/02\/Mladi-01-600x400.jpg 600w, https:\/\/zupasvnikolakc.hr\/wp-content\/uploads\/2020\/02\/Mladi-01-300x200.jpg 300w, https:\/\/zupasvnikolakc.hr\/wp-content\/uploads\/2020\/02\/Mladi-01-768x511.jpg 768w\" sizes=\"(max-width: 1000px) 100vw, 1000px\" \/>\t\t\t\t\t\t\t\t\t\t\t\t\t\t\t<\/div>\n\t\t\t\t<\/div>\n\t\t\t\t\t<\/div>\n\t\t<\/div>\n\t\t\t\t\t<\/div>\n\t\t<\/section>\n\t\t\t\t<section class=\"elementor-section elementor-top-section elementor-element elementor-element-7f30f57 elementor-section-full_width elementor-section-height-default elementor-section-height-default\" data-id=\"7f30f57\" data-element_type=\"section\" data-e-type=\"section\" data-settings=\"{&quot;background_background&quot;:&quot;classic&quot;}\">\n\t\t\t\t\t\t<div class=\"elementor-container elementor-column-gap-default\">\n\t\t\t\t\t<div class=\"elementor-column elementor-col-50 elementor-top-column elementor-element elementor-element-4b1c676\" data-id=\"4b1c676\" data-element_type=\"column\" data-e-type=\"column\">\n\t\t\t<div class=\"elementor-widget-wrap elementor-element-populated\">\n\t\t\t\t\t\t<div class=\"elementor-element elementor-element-41a678e elementor-widget elementor-widget-image\" data-id=\"41a678e\" data-element_type=\"widget\" data-e-type=\"widget\" data-widget_type=\"image.default\">\n\t\t\t\t<div class=\"elementor-widget-container\">\n\t\t\t\t\t\t\t\t\t\t\t\t\t\t\t<img loading=\"lazy\" decoding=\"async\" width=\"1000\" height=\"666\" src=\"https:\/\/zupasvnikolakc.hr\/wp-content\/uploads\/2020\/02\/mali-01.jpg\" class=\"attachment-large size-large wp-image-850\" alt=\"Dje\u010dji zbor\" srcset=\"https:\/\/zupasvnikolakc.hr\/wp-content\/uploads\/2020\/02\/mali-01.jpg 1000w, https:\/\/zupasvnikolakc.hr\/wp-content\/uploads\/2020\/02\/mali-01-600x400.jpg 600w, https:\/\/zupasvnikolakc.hr\/wp-content\/uploads\/2020\/02\/mali-01-300x200.jpg 300w, https:\/\/zupasvnikolakc.hr\/wp-content\/uploads\/2020\/02\/mali-01-768x511.jpg 768w\" sizes=\"(max-width: 1000px) 100vw, 1000px\" \/>\t\t\t\t\t\t\t\t\t\t\t\t\t\t\t<\/div>\n\t\t\t\t<\/div>\n\t\t\t\t\t<\/div>\n\t\t<\/div>\n\t\t\t\t<div class=\"elementor-column elementor-col-50 elementor-top-column elementor-element elementor-element-f2d101f\" data-id=\"f2d101f\" data-element_type=\"column\" data-e-type=\"column\" data-settings=\"{&quot;background_background&quot;:&quot;classic&quot;}\">\n\t\t\t<div class=\"elementor-widget-wrap elementor-element-populated\">\n\t\t\t\t\t\t<div class=\"elementor-element elementor-element-9bcecc5 elementor-widget elementor-widget-heading\" data-id=\"9bcecc5\" data-element_type=\"widget\" data-e-type=\"widget\" data-widget_type=\"heading.default\">\n\t\t\t\t<div class=\"elementor-widget-container\">\n\t\t\t\t\t<h2 class=\"elementor-heading-title elementor-size-default\">DJE\u010cJI ZBOR MJE\u0160OVITOG UZRASTA<\/h2>\t\t\t\t<\/div>\n\t\t\t\t<\/div>\n\t\t\t\t<div class=\"elementor-element elementor-element-c0d7955 elementor-widget-divider--view-line elementor-widget elementor-widget-divider\" data-id=\"c0d7955\" data-element_type=\"widget\" data-e-type=\"widget\" data-widget_type=\"divider.default\">\n\t\t\t\t<div class=\"elementor-widget-container\">\n\t\t\t\t\t\t\t<div class=\"elementor-divider\">\n\t\t\t<span class=\"elementor-divider-separator\">\n\t\t\t\t\t\t<\/span>\n\t\t<\/div>\n\t\t\t\t\t\t<\/div>\n\t\t\t\t<\/div>\n\t\t\t\t<div class=\"elementor-element elementor-element-676cf4e elementor-widget elementor-widget-text-editor\" data-id=\"676cf4e\" data-element_type=\"widget\" data-e-type=\"widget\" data-widget_type=\"text-editor.default\">\n\t\t\t\t<div class=\"elementor-widget-container\">\n\t\t\t\t\t\t\t\t\t<p>Zbor mje\u0161ovitog dje\u010djeg uzrasta aktivno slavi Gospodina na misama u 11 sati svake nedjelje. Zbor, ve\u0107inom u dana\u0161njem sastavu, nastao je na poticaj onda\u0161njeg \u017eupnika pre\u010d. Bla\u017ea Horvata, a\u00a0 podr\u0161ku je dalje nastavio dana\u0161nji \u017eupnik vl\u010d. Tomislav Petri\u0107. Pjeva\u010de \u010dine djeca uzrasta osnovne i srednje \u0161kole. Redovito i s voljom dolaze na probe svake subote. Zbor vodi u\u010diteljica vjeronauka Ivana Flajs, a za orguljama su Sabina Mikor i Monika Horvat.<\/p><p>Zbor je nekoliko puta nastupio u vara\u017edinskoj katedrali povodom blagdana svete Cecilije, kao i u svojoj \u017eupnoj crkvi sv. Nikole biskupa. Zbor izvodi jednoglasne i dvoglasne skladbe. Njeguje pu\u010dke popijevke, kao i duhovne \u0161ansone.<\/p>\t\t\t\t\t\t\t\t<\/div>\n\t\t\t\t<\/div>\n\t\t\t\t\t<\/div>\n\t\t<\/div>\n\t\t\t\t\t<\/div>\n\t\t<\/section>\n\t\t\t\t<section class=\"elementor-section elementor-top-section elementor-element elementor-element-02caba3 elementor-reverse-mobile elementor-section-full_width elementor-section-height-default elementor-section-height-default\" data-id=\"02caba3\" data-element_type=\"section\" data-e-type=\"section\" data-settings=\"{&quot;background_background&quot;:&quot;classic&quot;}\">\n\t\t\t\t\t\t<div class=\"elementor-container elementor-column-gap-default\">\n\t\t\t\t\t<div class=\"elementor-column elementor-col-50 elementor-top-column elementor-element elementor-element-272da2e\" data-id=\"272da2e\" data-element_type=\"column\" data-e-type=\"column\" data-settings=\"{&quot;background_background&quot;:&quot;classic&quot;}\">\n\t\t\t<div class=\"elementor-widget-wrap elementor-element-populated\">\n\t\t\t\t\t\t<div class=\"elementor-element elementor-element-fd216db elementor-widget elementor-widget-heading\" data-id=\"fd216db\" data-element_type=\"widget\" data-e-type=\"widget\" data-widget_type=\"heading.default\">\n\t\t\t\t<div class=\"elementor-widget-container\">\n\t\t\t\t\t<h2 class=\"elementor-heading-title elementor-size-default\">Liturgijski \u010dita\u010di<\/h2>\t\t\t\t<\/div>\n\t\t\t\t<\/div>\n\t\t\t\t<div class=\"elementor-element elementor-element-7e73dd4 elementor-widget-divider--view-line elementor-widget elementor-widget-divider\" data-id=\"7e73dd4\" data-element_type=\"widget\" data-e-type=\"widget\" data-widget_type=\"divider.default\">\n\t\t\t\t<div class=\"elementor-widget-container\">\n\t\t\t\t\t\t\t<div class=\"elementor-divider\">\n\t\t\t<span class=\"elementor-divider-separator\">\n\t\t\t\t\t\t<\/span>\n\t\t<\/div>\n\t\t\t\t\t\t<\/div>\n\t\t\t\t<\/div>\n\t\t\t\t<div class=\"elementor-element elementor-element-5f0641b elementor-widget elementor-widget-text-editor\" data-id=\"5f0641b\" data-element_type=\"widget\" data-e-type=\"widget\" data-widget_type=\"text-editor.default\">\n\t\t\t\t<div class=\"elementor-widget-container\">\n\t\t\t\t\t\t\t\t\t<p>Nakon \u0161to je za\u017eivio susret Biblijske zajednice 2012. godine u kojoj je Bo\u017eja rije\u010d sredi\u0161nji dio okupljanja, rodila se i misao da se formira liturgijska zajednica slu\u017ebe \u010dita\u010da. Naime, iz tih susreta jedan broj vjernika laika se je ohrabrio, udru\u017eio i \u010ditao Bibliju u vrijeme Do\u0161a\u0161\u0107a. Svaki dan prije Mise. I tako je krenulo. Iako je bilo vjernika \u2013 \u010dita\u010da i\u00a0 prije, \u017eupnik Tomislav mi je predlo\u017eio da te vjernike po\u010dnemo okupljati i posvetimo im ve\u0107u pozornost, tj. pripremamo ih za slu\u017ebu liturgijskih \u010dita\u010da. Kako se ne radi samo o tome da netko lijepo \u010dita, jer \u010dita\u010d je navjestitelj Bo\u017eje rije\u010di i toj Bo\u017ejoj rije\u010di treba pristupa iz vjere i dubokoga po\u0161tovanja, kroz ovo vrijeme nastojali smo im pribli\u017eiti kakav bi to trebao biti \u201e\u010dita\u010d Bo\u017eje rije\u010di\u201c i na \u0161to bi sve trebao obratiti pozornost prilikom \u010ditanja. Tako ve\u0107ina liturgijskih \u010dita\u010da sudjeluje u biblijskim ve\u010derima na kojima se promi\u0161lja o nedjeljnim \u010ditanjima, a na mjese\u010dnim susretima liturgijskih \u010dita\u010da dodatno se upoznaju sa osnovnim zakonitostima Biblije, po\u0161tivanjem nekih temeljnih pravila kod svakoga lijepoga \u010ditanja, o zakonitostima jezika, ali i poruke. Nastojimo jednom godi\u0161nje oti\u0107i na duhovnu obnovu u Duhovni centar Vara\u017edinske biskupije Veternicu.<\/p><p>&#8220;Biti \u010dita\u010d, zna\u010di biti glas Bo\u017eji, na radost i izgradnju zajednice vjernika i na posve\u0107enje samog \u010dita\u010da.&#8221; (dr. Zvonko Pa\u017ein, &#8220;Priru\u010dnik za \u010dita\u010de&#8221;)<\/p><p>Zdenka Podhra\u0161ki-Relja, voditelj<\/p>\t\t\t\t\t\t\t\t<\/div>\n\t\t\t\t<\/div>\n\t\t\t\t\t<\/div>\n\t\t<\/div>\n\t\t\t\t<div class=\"elementor-column elementor-col-50 elementor-top-column elementor-element elementor-element-51ad9ce\" data-id=\"51ad9ce\" data-element_type=\"column\" data-e-type=\"column\">\n\t\t\t<div class=\"elementor-widget-wrap elementor-element-populated\">\n\t\t\t\t\t\t<div class=\"elementor-element elementor-element-faf58fe elementor-widget elementor-widget-image\" data-id=\"faf58fe\" data-element_type=\"widget\" data-e-type=\"widget\" data-widget_type=\"image.default\">\n\t\t\t\t<div class=\"elementor-widget-container\">\n\t\t\t\t\t\t\t\t\t\t\t\t\t\t\t<img loading=\"lazy\" decoding=\"async\" width=\"1000\" height=\"664\" src=\"https:\/\/zupasvnikolakc.hr\/wp-content\/uploads\/2020\/02\/Lit_citaci.jpg\" class=\"attachment-large size-large wp-image-957\" alt=\"Liturgijski \u010dita\u010di\" srcset=\"https:\/\/zupasvnikolakc.hr\/wp-content\/uploads\/2020\/02\/Lit_citaci.jpg 1000w, https:\/\/zupasvnikolakc.hr\/wp-content\/uploads\/2020\/02\/Lit_citaci-600x398.jpg 600w, https:\/\/zupasvnikolakc.hr\/wp-content\/uploads\/2020\/02\/Lit_citaci-300x199.jpg 300w, https:\/\/zupasvnikolakc.hr\/wp-content\/uploads\/2020\/02\/Lit_citaci-768x510.jpg 768w\" sizes=\"(max-width: 1000px) 100vw, 1000px\" \/>\t\t\t\t\t\t\t\t\t\t\t\t\t\t\t<\/div>\n\t\t\t\t<\/div>\n\t\t\t\t\t<\/div>\n\t\t<\/div>\n\t\t\t\t\t<\/div>\n\t\t<\/section>\n\t\t\t\t<\/div>\n\t\t","protected":false},"excerpt":{"rendered":"<p>Pastoralne aktivnosti Ministranti U \u017eupi sv. Nikole biskupa aktivno je tridesetak ministranata, osnovno\u0161kolaca, srednjo\u0161kolaca i studenata. Ministriraju i dje\u010daci i djevoj\u010dice. Ministranti su poslu\u017eitelji oltara, sudionici bogoslu\u017eja. Na ministrantskim susretima u\u010de kako obavljati odre\u0111ene slu\u017ebe tijekom euharistijskog slavlja i upoznaju se s liturgijskim prostorom, ruhom i predmetima te u\u010de o liturgijskoj godini. Sva djeca koja [&hellip;]<\/p>\n","protected":false},"author":1,"featured_media":0,"parent":0,"menu_order":0,"comment_status":"closed","ping_status":"closed","template":"elementor_header_footer","meta":{"ocean_post_layout":"","ocean_both_sidebars_style":"","ocean_both_sidebars_content_width":0,"ocean_both_sidebars_sidebars_width":0,"ocean_sidebar":"0","ocean_second_sidebar":"0","ocean_disable_margins":"enable","ocean_add_body_class":"","ocean_shortcode_before_top_bar":"","ocean_shortcode_after_top_bar":"","ocean_shortcode_before_header":"","ocean_shortcode_after_header":"","ocean_has_shortcode":"","ocean_shortcode_after_title":"","ocean_shortcode_before_footer_widgets":"","ocean_shortcode_after_footer_widgets":"","ocean_shortcode_before_footer_bottom":"","ocean_shortcode_after_footer_bottom":"","ocean_display_top_bar":"default","ocean_display_header":"default","ocean_header_style":"","ocean_center_header_left_menu":"0","ocean_custom_header_template":"0","ocean_custom_logo":0,"ocean_custom_retina_logo":0,"ocean_custom_logo_max_width":0,"ocean_custom_logo_tablet_max_width":0,"ocean_custom_logo_mobile_max_width":0,"ocean_custom_logo_max_height":0,"ocean_custom_logo_tablet_max_height":0,"ocean_custom_logo_mobile_max_height":0,"ocean_header_custom_menu":"0","ocean_menu_typo_font_family":"0","ocean_menu_typo_font_subset":"","ocean_menu_typo_font_size":0,"ocean_menu_typo_font_size_tablet":0,"ocean_menu_typo_font_size_mobile":0,"ocean_menu_typo_font_size_unit":"px","ocean_menu_typo_font_weight":"","ocean_menu_typo_font_weight_tablet":"","ocean_menu_typo_font_weight_mobile":"","ocean_menu_typo_transform":"","ocean_menu_typo_transform_tablet":"","ocean_menu_typo_transform_mobile":"","ocean_menu_typo_line_height":0,"ocean_menu_typo_line_height_tablet":0,"ocean_menu_typo_line_height_mobile":0,"ocean_menu_typo_line_height_unit":"","ocean_menu_typo_spacing":0,"ocean_menu_typo_spacing_tablet":0,"ocean_menu_typo_spacing_mobile":0,"ocean_menu_typo_spacing_unit":"","ocean_menu_link_color":"","ocean_menu_link_color_hover":"","ocean_menu_link_color_active":"","ocean_menu_link_background":"","ocean_menu_link_hover_background":"","ocean_menu_link_active_background":"","ocean_menu_social_links_bg":"","ocean_menu_social_hover_links_bg":"","ocean_menu_social_links_color":"","ocean_menu_social_hover_links_color":"","ocean_disable_title":"default","ocean_disable_heading":"default","ocean_post_title":"","ocean_post_subheading":"","ocean_post_title_style":"","ocean_post_title_background_color":"","ocean_post_title_background":0,"ocean_post_title_bg_image_position":"","ocean_post_title_bg_image_attachment":"","ocean_post_title_bg_image_repeat":"","ocean_post_title_bg_image_size":"","ocean_post_title_height":0,"ocean_post_title_bg_overlay":0.5,"ocean_post_title_bg_overlay_color":"","ocean_disable_breadcrumbs":"default","ocean_breadcrumbs_color":"","ocean_breadcrumbs_separator_color":"","ocean_breadcrumbs_links_color":"","ocean_breadcrumbs_links_hover_color":"","ocean_display_footer_widgets":"default","ocean_display_footer_bottom":"default","ocean_custom_footer_template":"0","footnotes":""},"class_list":["post-111","page","type-page","status-publish","hentry","entry"],"_links":{"self":[{"href":"https:\/\/zupasvnikolakc.hr\/index.php?rest_route=\/wp\/v2\/pages\/111","targetHints":{"allow":["GET"]}}],"collection":[{"href":"https:\/\/zupasvnikolakc.hr\/index.php?rest_route=\/wp\/v2\/pages"}],"about":[{"href":"https:\/\/zupasvnikolakc.hr\/index.php?rest_route=\/wp\/v2\/types\/page"}],"author":[{"embeddable":true,"href":"https:\/\/zupasvnikolakc.hr\/index.php?rest_route=\/wp\/v2\/users\/1"}],"replies":[{"embeddable":true,"href":"https:\/\/zupasvnikolakc.hr\/index.php?rest_route=%2Fwp%2Fv2%2Fcomments&post=111"}],"version-history":[{"count":17,"href":"https:\/\/zupasvnikolakc.hr\/index.php?rest_route=\/wp\/v2\/pages\/111\/revisions"}],"predecessor-version":[{"id":10806,"href":"https:\/\/zupasvnikolakc.hr\/index.php?rest_route=\/wp\/v2\/pages\/111\/revisions\/10806"}],"wp:attachment":[{"href":"https:\/\/zupasvnikolakc.hr\/index.php?rest_route=%2Fwp%2Fv2%2Fmedia&parent=111"}],"curies":[{"name":"wp","href":"https:\/\/api.w.org\/{rel}","templated":true}]}}